{"id":12243,"date":"2018-06-08T22:57:10","date_gmt":"2018-06-08T20:57:10","guid":{"rendered":"http:\/\/jean-rousseau.misopa.pro\/?post_type=product&#038;p=12243"},"modified":"2024-02-07T13:41:37","modified_gmt":"2024-02-07T12:41:37","slug":"sac-a-main-anais-sangle-reglable","status":"publish","type":"product","link":"https:\/\/www.jean-rousseau.com\/fr\/boutique\/sac-a-main-anais-sangle-reglable\/","title":{"rendered":"Sac Ana\u00efs avec sangle r\u00e9glable"},"content":{"rendered":"<p>Magnifique sac Ana\u00efs au\u00a0 intemporel avec son un cot\u00e9 luxe et \u00e0 la fois r\u00e9tro<\/p>\n<p>Cet article est fabriqu\u00e9 en France \u00e0 la main en France par nos artisans \u00e0 la\u00a0 Manufacture Jean Rousseau.<\/p>\n<p>&nbsp;<\/p>\n","protected":false},"excerpt":{"rendered":"<p>Magnifique sac Ana\u00efs au\u00a0 intemporel avec son un cot\u00e9 luxe et \u00e0 la fois r\u00e9tro Cet article est fabriqu\u00e9 en France \u00e0 la main en France par nos artisans \u00e0 la\u00a0 Manufacture Jean Rousseau. &nbsp;<\/p>\n","protected":false},"featured_media":18795,"template":"","meta":{"_acf_changed":false,"_relevanssi_hide_post":"","_relevanssi_hide_content":"","_relevanssi_pin_for_all":"","_relevanssi_pin_keywords":"","_relevanssi_unpin_keywords":"","_relevanssi_related_keywords":"","_relevanssi_related_include_ids":"","_relevanssi_related_exclude_ids":"","_relevanssi_related_no_append":"","_relevanssi_related_not_related":"","_relevanssi_related_posts":"","_relevanssi_noindex_reason":""},"product_brand":[],"product_cat":[1819,1825,5446],"product_tag":[],"class_list":{"0":"post-12243","1":"product","2":"type-product","3":"status-publish","4":"has-post-thumbnail","6":"couleur-white-fr","7":"product_cat-la-maroquinerie","8":"product_cat-sacs","9":"product_cat-sac-anais-avec-sangle-reglable","10":"product_shipping_class-on-stock-no-cites-bags-and-pouches-l-fr","12":"first","13":"instock","14":"taxable","15":"shipping-taxable","16":"purchasable","17":"product-type-variable","18":"has-default-attributes"},"acf":[],"yoast_head":"<!-- This site is optimized with the Yoast SEO plugin v26.3 - https:\/\/yoast.com\/wordpress\/plugins\/seo\/ -->\n<title>Sac \u00e0 main Ana\u00efs - Maison Jean Rousseau<\/title>\n<meta name=\"description\" content=\"Magnifique sac Ana\u00efs au\u00a0 intemporel avec son un cot\u00e9 luxe et \u00e0 la fois r\u00e9tro\u00a0Cet article est fabriqu\u00e9 en France \u00e0 la main en France par nos artisans \u00e0 la\u00a0 Manufacture Jean Rousseau.\" \/>\n<meta name=\"robots\" content=\"index, follow, max-snippet:-1, max-image-preview:large, max-video-preview:-1\" \/>\n<link rel=\"canonical\" href=\"https:\/\/www.jean-rousseau.com\/gb\/shop\/anais-bag-with-adjustable-strap\/\" \/>\n<meta property=\"og:locale\" content=\"fr_FR\" \/>\n<meta property=\"og:type\" content=\"article\" \/>\n<meta property=\"og:title\" content=\"Sac \u00e0 main Ana\u00efs - Maison Jean Rousseau\" \/>\n<meta property=\"og:description\" content=\"Magnifique sac Ana\u00efs au\u00a0 intemporel avec son un cot\u00e9 luxe et \u00e0 la fois r\u00e9tro\u00a0Cet article est fabriqu\u00e9 en France \u00e0 la main en France par nos artisans \u00e0 la\u00a0 Manufacture Jean Rousseau.\" \/>\n<meta property=\"og:url\" content=\"https:\/\/www.jean-rousseau.com\/gb\/shop\/anais-bag-with-adjustable-strap\/\" \/>\n<meta property=\"og:site_name\" content=\"Maison Jean Rousseau\" \/>\n<meta property=\"article:publisher\" content=\"https:\/\/www.facebook.com\/JeanrousseauParis\/\" \/>\n<meta property=\"article:modified_time\" content=\"2024-02-07T12:41:37+00:00\" \/>\n<meta property=\"og:image\" content=\"https:\/\/www.jean-rousseau.com\/wp-content\/uploads\/2018\/06\/6255_Sac-Anai\u0308s_cote.jpg\" \/>\n\t<meta property=\"og:image:width\" content=\"1280\" \/>\n\t<meta property=\"og:image:height\" content=\"1706\" \/>\n\t<meta property=\"og:image:type\" content=\"image\/jpeg\" \/>\n<meta name=\"twitter:card\" content=\"summary_large_image\" \/>\n<meta name=\"twitter:site\" content=\"@jeanrousseaufr\" \/>\n<script type=\"application\/ld+json\" class=\"yoast-schema-graph\">{\"@context\":\"https:\/\/schema.org\",\"@graph\":[{\"@type\":\"WebPage\",\"@id\":\"https:\/\/www.jean-rousseau.com\/gb\/shop\/anais-bag-with-adjustable-strap\/\",\"url\":\"https:\/\/www.jean-rousseau.com\/gb\/shop\/anais-bag-with-adjustable-strap\/\",\"name\":\"Sac \u00e0 main Ana\u00efs - Maison Jean Rousseau\",\"isPartOf\":{\"@id\":\"https:\/\/www.jean-rousseau.com\/#website\"},\"primaryImageOfPage\":{\"@id\":\"https:\/\/www.jean-rousseau.com\/gb\/shop\/anais-bag-with-adjustable-strap\/#primaryimage\"},\"image\":{\"@id\":\"https:\/\/www.jean-rousseau.com\/gb\/shop\/anais-bag-with-adjustable-strap\/#primaryimage\"},\"thumbnailUrl\":\"https:\/\/www.jean-rousseau.com\/wp-content\/uploads\/2018\/06\/6255_Sac-Anai\u0308s_cote.jpg\",\"datePublished\":\"2018-06-08T20:57:10+00:00\",\"dateModified\":\"2024-02-07T12:41:37+00:00\",\"description\":\"Magnifique sac Ana\u00efs au\u00a0 intemporel avec son un cot\u00e9 luxe et \u00e0 la fois r\u00e9tro\u00a0Cet article est fabriqu\u00e9 en France \u00e0 la main en France par nos artisans \u00e0 la\u00a0 Manufacture Jean Rousseau.\",\"breadcrumb\":{\"@id\":\"https:\/\/www.jean-rousseau.com\/gb\/shop\/anais-bag-with-adjustable-strap\/#breadcrumb\"},\"inLanguage\":\"fr-FR\",\"potentialAction\":[{\"@type\":\"ReadAction\",\"target\":[\"https:\/\/www.jean-rousseau.com\/gb\/shop\/anais-bag-with-adjustable-strap\/\"]}]},{\"@type\":\"ImageObject\",\"inLanguage\":\"fr-FR\",\"@id\":\"https:\/\/www.jean-rousseau.com\/gb\/shop\/anais-bag-with-adjustable-strap\/#primaryimage\",\"url\":\"https:\/\/www.jean-rousseau.com\/wp-content\/uploads\/2018\/06\/6255_Sac-Anai\u0308s_cote.jpg\",\"contentUrl\":\"https:\/\/www.jean-rousseau.com\/wp-content\/uploads\/2018\/06\/6255_Sac-Anai\u0308s_cote.jpg\",\"width\":1280,\"height\":1706,\"caption\":\"sac \u00e0 main cuir femme blanc\"},{\"@type\":\"BreadcrumbList\",\"@id\":\"https:\/\/www.jean-rousseau.com\/gb\/shop\/anais-bag-with-adjustable-strap\/#breadcrumb\",\"itemListElement\":[{\"@type\":\"ListItem\",\"position\":1,\"name\":\"Accueil\",\"item\":\"https:\/\/www.jean-rousseau.com\/fr\/\"},{\"@type\":\"ListItem\",\"position\":2,\"name\":\"Boutique\",\"item\":\"https:\/\/www.jean-rousseau.com\/fr\/boutique\/\"},{\"@type\":\"ListItem\",\"position\":3,\"name\":\"Sac Ana\u00efs avec sangle r\u00e9glable\"}]},{\"@type\":\"WebSite\",\"@id\":\"https:\/\/www.jean-rousseau.com\/#website\",\"url\":\"https:\/\/www.jean-rousseau.com\/\",\"name\":\"Maison Jean Rousseau\",\"description\":\"Sp\u00e9cialiste en bracelets de montre et maroquinerie sur-mesure made in France, artisan d\u2019excellence depuis 1954.\",\"publisher\":{\"@id\":\"https:\/\/www.jean-rousseau.com\/#organization\"},\"potentialAction\":[{\"@type\":\"SearchAction\",\"target\":{\"@type\":\"EntryPoint\",\"urlTemplate\":\"https:\/\/www.jean-rousseau.com\/?s={search_term_string}\"},\"query-input\":{\"@type\":\"PropertyValueSpecification\",\"valueRequired\":true,\"valueName\":\"search_term_string\"}}],\"inLanguage\":\"fr-FR\"},{\"@type\":\"Organization\",\"@id\":\"https:\/\/www.jean-rousseau.com\/#organization\",\"name\":\"Maison Jean Rousseau\",\"url\":\"https:\/\/www.jean-rousseau.com\/\",\"logo\":{\"@type\":\"ImageObject\",\"inLanguage\":\"fr-FR\",\"@id\":\"https:\/\/www.jean-rousseau.com\/#\/schema\/logo\/image\/\",\"url\":\"https:\/\/www.jean-rousseau.com\/wp-content\/uploads\/2024\/02\/logo-JR.jpg\",\"contentUrl\":\"https:\/\/www.jean-rousseau.com\/wp-content\/uploads\/2024\/02\/logo-JR.jpg\",\"width\":696,\"height\":696,\"caption\":\"Maison Jean Rousseau\"},\"image\":{\"@id\":\"https:\/\/www.jean-rousseau.com\/#\/schema\/logo\/image\/\"},\"sameAs\":[\"https:\/\/www.facebook.com\/JeanrousseauParis\/\",\"https:\/\/x.com\/jeanrousseaufr\",\"https:\/\/www.instagram.com\/jeanrousseauparis\/\",\"https:\/\/www.linkedin.com\/company\/maison-jean-rousseau\/\",\"https:\/\/www.pinterest.fr\/jeanrousseauparis\/\",\"https:\/\/www.youtube.com\/@MaisonJeanRousseau\",\"https:\/\/www.tiktok.com\/@jeanrousseauparis\",\"https:\/\/www.weibo.com\/p\/1006066811228508\/home?from=page_100606&mod=TAB&is_hot=1\"]}]}<\/script>\n<!-- \/ Yoast SEO plugin. -->","yoast_head_json":{"title":"Sac \u00e0 main Ana\u00efs - Maison Jean Rousseau","description":"Magnifique sac Ana\u00efs au\u00a0 intemporel avec son un cot\u00e9 luxe et \u00e0 la fois r\u00e9tro\u00a0Cet article est fabriqu\u00e9 en France \u00e0 la main en France par nos artisans \u00e0 la\u00a0 Manufacture Jean Rousseau.","robots":{"index":"index","follow":"follow","max-snippet":"max-snippet:-1","max-image-preview":"max-image-preview:large","max-video-preview":"max-video-preview:-1"},"canonical":"https:\/\/www.jean-rousseau.com\/gb\/shop\/anais-bag-with-adjustable-strap\/","og_locale":"fr_FR","og_type":"article","og_title":"Sac \u00e0 main Ana\u00efs - Maison Jean Rousseau","og_description":"Magnifique sac Ana\u00efs au\u00a0 intemporel avec son un cot\u00e9 luxe et \u00e0 la fois r\u00e9tro\u00a0Cet article est fabriqu\u00e9 en France \u00e0 la main en France par nos artisans \u00e0 la\u00a0 Manufacture Jean Rousseau.","og_url":"https:\/\/www.jean-rousseau.com\/gb\/shop\/anais-bag-with-adjustable-strap\/","og_site_name":"Maison Jean Rousseau","article_publisher":"https:\/\/www.facebook.com\/JeanrousseauParis\/","article_modified_time":"2024-02-07T12:41:37+00:00","og_image":[{"width":1280,"height":1706,"url":"https:\/\/www.jean-rousseau.com\/wp-content\/uploads\/2018\/06\/6255_Sac-Anai\u0308s_cote.jpg","type":"image\/jpeg"}],"twitter_card":"summary_large_image","twitter_site":"@jeanrousseaufr","schema":{"@context":"https:\/\/schema.org","@graph":[{"@type":"WebPage","@id":"https:\/\/www.jean-rousseau.com\/gb\/shop\/anais-bag-with-adjustable-strap\/","url":"https:\/\/www.jean-rousseau.com\/gb\/shop\/anais-bag-with-adjustable-strap\/","name":"Sac \u00e0 main Ana\u00efs - Maison Jean Rousseau","isPartOf":{"@id":"https:\/\/www.jean-rousseau.com\/#website"},"primaryImageOfPage":{"@id":"https:\/\/www.jean-rousseau.com\/gb\/shop\/anais-bag-with-adjustable-strap\/#primaryimage"},"image":{"@id":"https:\/\/www.jean-rousseau.com\/gb\/shop\/anais-bag-with-adjustable-strap\/#primaryimage"},"thumbnailUrl":"https:\/\/www.jean-rousseau.com\/wp-content\/uploads\/2018\/06\/6255_Sac-Anai\u0308s_cote.jpg","datePublished":"2018-06-08T20:57:10+00:00","dateModified":"2024-02-07T12:41:37+00:00","description":"Magnifique sac Ana\u00efs au\u00a0 intemporel avec son un cot\u00e9 luxe et \u00e0 la fois r\u00e9tro\u00a0Cet article est fabriqu\u00e9 en France \u00e0 la main en France par nos artisans \u00e0 la\u00a0 Manufacture Jean Rousseau.","breadcrumb":{"@id":"https:\/\/www.jean-rousseau.com\/gb\/shop\/anais-bag-with-adjustable-strap\/#breadcrumb"},"inLanguage":"fr-FR","potentialAction":[{"@type":"ReadAction","target":["https:\/\/www.jean-rousseau.com\/gb\/shop\/anais-bag-with-adjustable-strap\/"]}]},{"@type":"ImageObject","inLanguage":"fr-FR","@id":"https:\/\/www.jean-rousseau.com\/gb\/shop\/anais-bag-with-adjustable-strap\/#primaryimage","url":"https:\/\/www.jean-rousseau.com\/wp-content\/uploads\/2018\/06\/6255_Sac-Anai\u0308s_cote.jpg","contentUrl":"https:\/\/www.jean-rousseau.com\/wp-content\/uploads\/2018\/06\/6255_Sac-Anai\u0308s_cote.jpg","width":1280,"height":1706,"caption":"sac \u00e0 main cuir femme blanc"},{"@type":"BreadcrumbList","@id":"https:\/\/www.jean-rousseau.com\/gb\/shop\/anais-bag-with-adjustable-strap\/#breadcrumb","itemListElement":[{"@type":"ListItem","position":1,"name":"Accueil","item":"https:\/\/www.jean-rousseau.com\/fr\/"},{"@type":"ListItem","position":2,"name":"Boutique","item":"https:\/\/www.jean-rousseau.com\/fr\/boutique\/"},{"@type":"ListItem","position":3,"name":"Sac Ana\u00efs avec sangle r\u00e9glable"}]},{"@type":"WebSite","@id":"https:\/\/www.jean-rousseau.com\/#website","url":"https:\/\/www.jean-rousseau.com\/","name":"Maison Jean Rousseau","description":"Sp\u00e9cialiste en bracelets de montre et maroquinerie sur-mesure made in France, artisan d\u2019excellence depuis 1954.","publisher":{"@id":"https:\/\/www.jean-rousseau.com\/#organization"},"potentialAction":[{"@type":"SearchAction","target":{"@type":"EntryPoint","urlTemplate":"https:\/\/www.jean-rousseau.com\/?s={search_term_string}"},"query-input":{"@type":"PropertyValueSpecification","valueRequired":true,"valueName":"search_term_string"}}],"inLanguage":"fr-FR"},{"@type":"Organization","@id":"https:\/\/www.jean-rousseau.com\/#organization","name":"Maison Jean Rousseau","url":"https:\/\/www.jean-rousseau.com\/","logo":{"@type":"ImageObject","inLanguage":"fr-FR","@id":"https:\/\/www.jean-rousseau.com\/#\/schema\/logo\/image\/","url":"https:\/\/www.jean-rousseau.com\/wp-content\/uploads\/2024\/02\/logo-JR.jpg","contentUrl":"https:\/\/www.jean-rousseau.com\/wp-content\/uploads\/2024\/02\/logo-JR.jpg","width":696,"height":696,"caption":"Maison Jean Rousseau"},"image":{"@id":"https:\/\/www.jean-rousseau.com\/#\/schema\/logo\/image\/"},"sameAs":["https:\/\/www.facebook.com\/JeanrousseauParis\/","https:\/\/x.com\/jeanrousseaufr","https:\/\/www.instagram.com\/jeanrousseauparis\/","https:\/\/www.linkedin.com\/company\/maison-jean-rousseau\/","https:\/\/www.pinterest.fr\/jeanrousseauparis\/","https:\/\/www.youtube.com\/@MaisonJeanRousseau","https:\/\/www.tiktok.com\/@jeanrousseauparis","https:\/\/www.weibo.com\/p\/1006066811228508\/home?from=page_100606&mod=TAB&is_hot=1"]}]}},"_links":{"self":[{"href":"https:\/\/www.jean-rousseau.com\/fr\/wp-json\/wp\/v2\/product\/12243","targetHints":{"allow":["GET"]}}],"collection":[{"href":"https:\/\/www.jean-rousseau.com\/fr\/wp-json\/wp\/v2\/product"}],"about":[{"href":"https:\/\/www.jean-rousseau.com\/fr\/wp-json\/wp\/v2\/types\/product"}],"wp:featuredmedia":[{"embeddable":true,"href":"https:\/\/www.jean-rousseau.com\/fr\/wp-json\/wp\/v2\/media\/18795"}],"wp:attachment":[{"href":"https:\/\/www.jean-rousseau.com\/fr\/wp-json\/wp\/v2\/media?parent=12243"}],"wp:term":[{"taxonomy":"product_brand","embeddable":true,"href":"https:\/\/www.jean-rousseau.com\/fr\/wp-json\/wp\/v2\/product_brand?post=12243"},{"taxonomy":"product_cat","embeddable":true,"href":"https:\/\/www.jean-rousseau.com\/fr\/wp-json\/wp\/v2\/product_cat?post=12243"},{"taxonomy":"product_tag","embeddable":true,"href":"https:\/\/www.jean-rousseau.com\/fr\/wp-json\/wp\/v2\/product_tag?post=12243"}],"curies":[{"name":"wp","href":"https:\/\/api.w.org\/{rel}","templated":true}]}}